{"id":935,"date":"2025-11-27T11:24:33","date_gmt":"2025-11-27T11:24:33","guid":{"rendered":"https:\/\/mahshidmoochani.com\/curriculum-vitae\/"},"modified":"2026-09-06T14:03:14","modified_gmt":"2026-09-06T14:03:14","slug":"curriculum-vitae","status":"publish","type":"page","link":"https:\/\/mahshidmoochani.com\/es\/curriculum-vitae\/","title":{"rendered":"Curr\u00edculum vitae"},"content":{"rendered":"<section class=\"l-section wpb_row height_huge\"><div class=\"l-section-h i-cf\"><div class=\"g-cols vc_row via_flex valign_top type_default stacking_default\"><div class=\"vc_col-sm-12 wpb_column vc_column_container\"><div class=\"vc_column-inner\"><div class=\"wpb_wrapper\"><div class=\"g-cols wpb_row via_flex valign_top type_default stacking_default\"><div class=\"vc_col-sm-6 wpb_column vc_column_container\"><div class=\"vc_column-inner type_sticky\"><div class=\"wpb_wrapper\"><h1 class=\"w-post-elm post_title entry-title color_link_inherit\">Curr\u00edculum vitae<\/h1><div class=\"wpb_text_column\"><div class=\"wpb_wrapper\"><p style=\"text-align: justify;\"><strong>Mahshid Moochani<\/strong> es una pintora iran\u00ed con una licenciatura en Comunicaci\u00f3n Visual y un m\u00e1ster en Bellas Artes. Desde 2004, se dedica profesionalmente al arte y ha expuesto sus obras en m\u00e1s de treinta exposiciones individuales y colectivas internacionales. Sus cuadros se han expuesto en prestigiosos festivales y galer\u00edas de Turqu\u00eda, el Reino Unido, Francia e Ir\u00e1n, y han recibido el reconocimiento tanto de la cr\u00edtica como de los coleccionistas.  <\/p>\n<p style=\"text-align: justify;\">El arte de Moochani tiende un delicado puente entre la imaginaci\u00f3n y la realidad: un reino po\u00e9tico donde se unen la humanidad, la naturaleza y el subconsciente. En 2020, mont\u00f3 su propio estudio en Estambul, lo que marc\u00f3 un nuevo cap\u00edtulo en su trayectoria creativa. All\u00ed, sus ideas, sue\u00f1os y experiencias internas se transforman en un lenguaje universal de color y forma. Cada una de sus obras refleja una profunda b\u00fasqueda de sentido, belleza y paz interior.   <\/p>\n<\/div><\/div><div class=\"w-image align_none\"><div class=\"w-image-h\"><img decoding=\"async\" src=\"https:\/\/mahshidmoochani.com\/wp-content\/uploads\/MahshidMochani.svg\" class=\"attachment-large size-large\" alt=\"Mahshid Moochani signature logo\" loading=\"lazy\" \/><\/div><\/div><div class=\"w-image us_custom_6751363b align_none\"><div class=\"w-image-h\"><img decoding=\"async\" width=\"1024\" height=\"573\" src=\"https:\/\/mahshidmoochani.com\/wp-content\/uploads\/MM1-1024x573.jpg\" class=\"attachment-large size-large\" alt=\"Mahshid Moochani in her art studio\" loading=\"lazy\" srcset=\"https:\/\/mahshidmoochani.com\/wp-content\/uploads\/MM1-1024x573.jpg 1024w, https:\/\/mahshidmoochani.com\/wp-content\/uploads\/MM1-300x168.jpg 300w, https:\/\/mahshidmoochani.com\/wp-content\/uploads\/MM1.jpg 1280w\" sizes=\"auto, (max-width: 1024px) 100vw, 1024px\" \/><\/div><\/div><\/div><\/div><\/div><div class=\"vc_col-sm-6 wpb_column vc_column_container\"><div class=\"vc_column-inner\"><div class=\"wpb_wrapper\"><h2 class=\"w-text\"><span class=\"w-text-h\"><span class=\"w-text-value\">Actividades art\u00edsticas y exposiciones seleccionadas<\/span><\/span><\/h2><div class=\"w-tabs style_default switch_click accordion has_scrolling\" style=\"--sections-title-size:2025\"><div class=\"w-tabs-sections titles-align_none icon_chevron cpos_right\"><div class=\"w-tabs-section\" id=\"v217\"><button class=\"w-tabs-section-header\" aria-controls=\"content-v217\" aria-expanded=\"false\"><div class=\"w-tabs-section-title\">2026<\/div><div class=\"w-tabs-section-control\"><\/div><\/button><div  class=\"w-tabs-section-content\" id=\"content-v217\"><div class=\"w-tabs-section-content-h i-cf\"><div class=\"wpb_text_column\"><div class=\"wpb_wrapper\"><p>\u2022 Bienal \u00abWITH MY ROOTS\u00bb, 6.\u00aa edici\u00f3n \u2014 Capital Art Gallery, Mall Galleries, Londres, Reino Unido<br \/>\n\u2022 Exposici\u00f3n colectiva \u2014 GALA Gallery, Estambul, Turqu\u00eda<br \/>\n\u2022 Feria Internacional de Arte Contempor\u00e1neo de Ankara \u2014 representada por GALA Gallery, Ankara, Turqu\u00eda<\/p>\n<\/div><\/div><\/div><\/div><\/div><div class=\"w-tabs-section\" id=\"o442\"><button class=\"w-tabs-section-header\" aria-controls=\"content-o442\" aria-expanded=\"false\"><div class=\"w-tabs-section-title\">2025<\/div><div class=\"w-tabs-section-control\"><\/div><\/button><div  class=\"w-tabs-section-content\" id=\"content-o442\"><div class=\"w-tabs-section-content-h i-cf\"><div class=\"wpb_text_column\"><div class=\"wpb_wrapper\"><p>\u2022 Exposici\u00f3n individual \u2014 Galer\u00eda GALA, Estambul, Turqu\u00eda<\/p>\n<\/div><\/div><\/div><\/div><\/div><div class=\"w-tabs-section\" id=\"n6eb\"><button class=\"w-tabs-section-header\" aria-controls=\"content-n6eb\" aria-expanded=\"false\"><div class=\"w-tabs-section-title\">2024<\/div><div class=\"w-tabs-section-control\"><\/div><\/button><div  class=\"w-tabs-section-content\" id=\"content-n6eb\"><div class=\"w-tabs-section-content-h i-cf\"><div class=\"wpb_text_column\"><div class=\"wpb_wrapper\"><p>\u2022 IAAF 2024 (Feria de Arte y Antig\u00fcedades de Estambul) \u2014 Galer\u00eda Imza Art, Estambul, Turqu\u00eda<br \/>\n\u2022 ARTCONTACT, Feria de Arte de Estambul \u2014 Galer\u00eda 7 Art, Estambul, Turqu\u00eda<br \/>\n\u2022 Feria de Arte de Esmirna \u2014 Galeri L.\u00dc&#8217;Art Cihangir, Esmirna, Turqu\u00eda<br \/>\n\u2022 Exposici\u00f3n individual \u2014 Galer\u00eda Utopia Art, Estambul, Turqu\u00eda<br \/>\n\u2022 Exposici\u00f3n colectiva \u2014 Galer\u00eda Next Pro, Estambul, Turqu\u00eda<\/p>\n<\/div><\/div><\/div><\/div><\/div><div class=\"w-tabs-section\" id=\"z916\"><button class=\"w-tabs-section-header\" aria-controls=\"content-z916\" aria-expanded=\"false\"><div class=\"w-tabs-section-title\">2023<\/div><div class=\"w-tabs-section-control\"><\/div><\/button><div  class=\"w-tabs-section-content\" id=\"content-z916\"><div class=\"w-tabs-section-content-h i-cf\"><div class=\"wpb_text_column\"><div class=\"wpb_wrapper\"><p>\u2022 Feria de arte contempor\u00e1neo \u2014 City Art Center, Par\u00eds, Francia<\/p>\n<\/div><\/div><\/div><\/div><\/div><div class=\"w-tabs-section\" id=\"tad9\"><button class=\"w-tabs-section-header\" aria-controls=\"content-tad9\" aria-expanded=\"false\"><div class=\"w-tabs-section-title\">2021<\/div><div class=\"w-tabs-section-control\"><\/div><\/button><div  class=\"w-tabs-section-content\" id=\"content-tad9\"><div class=\"w-tabs-section-content-h i-cf\"><div class=\"wpb_text_column\"><div class=\"wpb_wrapper\"><p>\u2022 Feria de Arte Asequible \u2014 Galer\u00eda Capital Art London, Londres, Reino Unido<\/p>\n<\/div><\/div><\/div><\/div><\/div><div class=\"w-tabs-section\" id=\"sc79\"><button class=\"w-tabs-section-header\" aria-controls=\"content-sc79\" aria-expanded=\"false\"><div class=\"w-tabs-section-title\">2020<\/div><div class=\"w-tabs-section-control\"><\/div><\/button><div  class=\"w-tabs-section-content\" id=\"content-sc79\"><div class=\"w-tabs-section-content-h i-cf\"><div class=\"wpb_text_column\"><div class=\"wpb_wrapper\"><p>\u2022 Exposici\u00f3n colectiva \u2014 Galer\u00eda Didi, Izadshahr, Ir\u00e1n<\/p>\n<\/div><\/div><\/div><\/div><\/div><div class=\"w-tabs-section\" id=\"g07d\"><button class=\"w-tabs-section-header\" aria-controls=\"content-g07d\" aria-expanded=\"false\"><div class=\"w-tabs-section-title\">2018<\/div><div class=\"w-tabs-section-control\"><\/div><\/button><div  class=\"w-tabs-section-content\" id=\"content-g07d\"><div class=\"w-tabs-section-content-h i-cf\"><div class=\"wpb_text_column\"><div class=\"wpb_wrapper\"><p>\u2022 Exposici\u00f3n colectiva \u2014 Galer\u00eda Asurik, Motelghu, Ir\u00e1n<br \/>\n\u2022 Seleccionado por las galer\u00edas \u2014 Festival Fajr, Galer\u00eda Saba (Academia de las Artes), Teher\u00e1n, Ir\u00e1n<br \/>\n\u2022 Exposici\u00f3n individual \u2014 Galer\u00eda Asurik (Yalman), Motelghu, Ir\u00e1n<\/p>\n<\/div><\/div><\/div><\/div><\/div><div class=\"w-tabs-section\" id=\"v2b8\"><button class=\"w-tabs-section-header\" aria-controls=\"content-v2b8\" aria-expanded=\"false\"><div class=\"w-tabs-section-title\">2017<\/div><div class=\"w-tabs-section-control\"><\/div><\/button><div  class=\"w-tabs-section-content\" id=\"content-v2b8\"><div class=\"w-tabs-section-content-h i-cf\"><div class=\"wpb_text_column\"><div class=\"wpb_wrapper\"><p>\u2022 Feria de Arte Asequible \u2014 Capital Art London Gallery, Londres, Reino Unido<br \/>\n\u2022 Exposici\u00f3n colectiva \u2014 Shis Gallery (\u00abEl amanecer espiritual del a\u00f1o\u00bb), Teher\u00e1n, Ir\u00e1n<br \/>\n\u2022 Exposici\u00f3n colectiva \u2014 Did Gallery, Izadshahr, Ir\u00e1n<\/p>\n<\/div><\/div><\/div><\/div><\/div><div class=\"w-tabs-section\" id=\"c4c5\"><button class=\"w-tabs-section-header\" aria-controls=\"content-c4c5\" aria-expanded=\"false\"><div class=\"w-tabs-section-title\">2016<\/div><div class=\"w-tabs-section-control\"><\/div><\/button><div  class=\"w-tabs-section-content\" id=\"content-c4c5\"><div class=\"w-tabs-section-content-h i-cf\"><div class=\"wpb_text_column\"><div class=\"wpb_wrapper\"><p>\u2022 Exposici\u00f3n colectiva en apoyo a las v\u00edctimas del terremoto de Kermanshah \u2014 Galer\u00eda Mojdeh, Teher\u00e1n, Ir\u00e1n<\/p>\n<\/div><\/div><\/div><\/div><\/div><div class=\"w-tabs-section\" id=\"s71a\"><button class=\"w-tabs-section-header\" aria-controls=\"content-s71a\" aria-expanded=\"false\"><div class=\"w-tabs-section-title\">2014<\/div><div class=\"w-tabs-section-control\"><\/div><\/button><div  class=\"w-tabs-section-content\" id=\"content-s71a\"><div class=\"w-tabs-section-content-h i-cf\"><div class=\"wpb_text_column\"><div class=\"wpb_wrapper\"><p>\u2022 Exposici\u00f3n individual \u2014 Galer\u00eda Saba (Academia de las Artes), Teher\u00e1n, Ir\u00e1n<br \/>\n\u2022 Exposici\u00f3n colectiva \u2014 Centro Internacional de Arte de la Ciudad, Isfah\u00e1n, Ir\u00e1n<br \/>\n\u2022 Exposici\u00f3n colectiva \u2014 Galer\u00eda de Arte de Ir\u00e1n, Teher\u00e1n, Ir\u00e1n<\/p>\n<\/div><\/div><\/div><\/div><\/div><div class=\"w-tabs-section\" id=\"s95b\"><button class=\"w-tabs-section-header\" aria-controls=\"content-s95b\" aria-expanded=\"false\"><div class=\"w-tabs-section-title\">2013<\/div><div class=\"w-tabs-section-control\"><\/div><\/button><div  class=\"w-tabs-section-content\" id=\"content-s95b\"><div class=\"w-tabs-section-content-h i-cf\"><div class=\"wpb_text_column\"><div class=\"wpb_wrapper\"><p>\u2022 Exposici\u00f3n individual \u2014 Respina, Sheys Gallery, Teher\u00e1n, Ir\u00e1n<br \/>\n\u2022 Exposici\u00f3n colectiva \u2014 Iran Art Gallery, Teher\u00e1n, Ir\u00e1n<br \/>\n\u2022 Exposici\u00f3n individual (tema \u00abN\u00f3mada\u00bb) \u2014 Iran Art Gallery, Teher\u00e1n, Ir\u00e1n<\/p>\n<\/div><\/div><\/div><\/div><\/div><div class=\"w-tabs-section\" id=\"sba3\"><button class=\"w-tabs-section-header\" aria-controls=\"content-sba3\" aria-expanded=\"false\"><div class=\"w-tabs-section-title\">2012<\/div><div class=\"w-tabs-section-control\"><\/div><\/button><div  class=\"w-tabs-section-content\" id=\"content-sba3\"><div class=\"w-tabs-section-content-h i-cf\"><div class=\"wpb_text_column\"><div class=\"wpb_wrapper\"><p>\u2022 Exposici\u00f3n individual \u00abAgua\u00bb \u2014 Galer\u00eda privada Farahani, Teher\u00e1n, Ir\u00e1n<\/p>\n<\/div><\/div><\/div><\/div><\/div><div class=\"w-tabs-section\" id=\"od87\"><button class=\"w-tabs-section-header\" aria-controls=\"content-od87\" aria-expanded=\"false\"><div class=\"w-tabs-section-title\">2011<\/div><div class=\"w-tabs-section-control\"><\/div><\/button><div  class=\"w-tabs-section-content\" id=\"content-od87\"><div class=\"w-tabs-section-content-h i-cf\"><div class=\"wpb_text_column\"><div class=\"wpb_wrapper\"><p>\u2022 Exposici\u00f3n individual \u00abSelf\u00bb \u2014 Galer\u00eda privada Estekanchi, Teher\u00e1n, Ir\u00e1n<\/p>\n<\/div><\/div><\/div><\/div><\/div><div class=\"w-tabs-section\" id=\"qf51\"><button class=\"w-tabs-section-header\" aria-controls=\"content-qf51\" aria-expanded=\"false\"><div class=\"w-tabs-section-title\">2010<\/div><div class=\"w-tabs-section-control\"><\/div><\/button><div  class=\"w-tabs-section-content\" id=\"content-qf51\"><div class=\"w-tabs-section-content-h i-cf\"><div class=\"wpb_text_column\"><div class=\"wpb_wrapper\"><p>\u2022 Premio al 5.\u00ba puesto \u2014 Exposici\u00f3n Nacional de Estudiantes, Teher\u00e1n, Ir\u00e1n<\/p>\n<\/div><\/div><\/div><\/div><\/div><div class=\"w-tabs-section\" id=\"o10c\"><button class=\"w-tabs-section-header\" aria-controls=\"content-o10c\" aria-expanded=\"false\"><div class=\"w-tabs-section-title\">2008<\/div><div class=\"w-tabs-section-control\"><\/div><\/button><div  class=\"w-tabs-section-content\" id=\"content-o10c\"><div class=\"w-tabs-section-content-h i-cf\"><div class=\"wpb_text_column\"><div class=\"wpb_wrapper\"><p>\u2022 Exposici\u00f3n individual \u2014 Galer\u00eda Mandegar (serie \u00abGabbeh\u00bb), Arak, Ir\u00e1n<\/p>\n<\/div><\/div><\/div><\/div><\/div><div class=\"w-tabs-section\" id=\"r2bf\"><button class=\"w-tabs-section-header\" aria-controls=\"content-r2bf\" aria-expanded=\"false\"><div class=\"w-tabs-section-title\">2007<\/div><div class=\"w-tabs-section-control\"><\/div><\/button><div  class=\"w-tabs-section-content\" id=\"content-r2bf\"><div class=\"w-tabs-section-content-h i-cf\"><div class=\"wpb_text_column\"><div class=\"wpb_wrapper\"><p>\u2022 Exposici\u00f3n colectiva \u2014 Universidad Isl\u00e1mica Azad (White Canvas), Teher\u00e1n, Ir\u00e1n<\/p>\n<\/div><\/div><\/div><\/div><\/div><div class=\"w-tabs-section\" id=\"n4b7\"><button class=\"w-tabs-section-header\" aria-controls=\"content-n4b7\" aria-expanded=\"false\"><div class=\"w-tabs-section-title\">2005<\/div><div class=\"w-tabs-section-control\"><\/div><\/button><div  class=\"w-tabs-section-content\" id=\"content-n4b7\"><div class=\"w-tabs-section-content-h i-cf\"><div class=\"wpb_text_column\"><div class=\"wpb_wrapper\"><p>\u2022 Exposici\u00f3n Nacional de Artesan\u00eda \u2014 Arak, Ir\u00e1n<\/p>\n<\/div><\/div><\/div><\/div><\/div><div class=\"w-tabs-section\" id=\"k6a3\"><button class=\"w-tabs-section-header\" aria-controls=\"content-k6a3\" aria-expanded=\"false\"><div class=\"w-tabs-section-title\">2004<\/div><div class=\"w-tabs-section-control\"><\/div><\/button><div  class=\"w-tabs-section-content\" id=\"content-k6a3\"><div class=\"w-tabs-section-content-h i-cf\"><div class=\"wpb_text_column\"><div class=\"wpb_wrapper\"><p>\u2022 Exposici\u00f3n individual \u00abEspinas\u00bb \u2014 Museo Mehr, Arak, Ir\u00e1n<\/p>\n<\/div><\/div><\/div><\/div><\/div><\/div><\/div><\/div><\/div><\/div><\/div><\/div><\/div><\/div><\/div><\/div><\/section>\n","protected":false},"excerpt":{"rendered":"Curr\u00edculum vitaeMahshid Moochani es una pintora iran\u00ed con una licenciatura en Comunicaci\u00f3n Visual y un m\u00e1ster en Bellas Artes. Desde 2004, se dedica profesionalmente al arte y ha expuesto sus obras en m\u00e1s de treinta exposiciones individuales y colectivas internacionales. Sus cuadros se han expuesto en prestigiosos festivales y galer\u00edas de Turqu\u00eda, el Reino Unido,...","protected":false},"author":1,"featured_media":0,"parent":0,"menu_order":0,"comment_status":"closed","ping_status":"closed","template":"","meta":{"_acf_changed":false,"footnotes":""},"class_list":["post-935","page","type-page","status-publish","hentry"],"acf":[],"yoast_head":"<!-- This site is optimized with the Yoast SEO plugin v28.4 - https:\/\/yoast.com\/product\/yoast-seo-wordpress\/ -->\n<title>Curr\u00edculum de la artista | Mahshid Moochani<\/title>\n<meta name=\"description\" content=\"Echa un vistazo al curr\u00edculum profesional de Mahshid Moochani como artista, donde encontrar\u00e1s sus exposiciones, ferias de arte internacionales, colecciones y momentos destacados de su carrera.\" \/>\n<meta name=\"robots\" content=\"index, follow, max-snippet:-1, max-image-preview:large, max-video-preview:-1\" \/>\n<link rel=\"canonical\" href=\"https:\/\/mahshidmoochani.com\/es\/curriculum-vitae\/\" \/>\n<meta property=\"og:locale\" content=\"es_ES\" \/>\n<meta property=\"og:type\" content=\"article\" \/>\n<meta property=\"og:title\" content=\"Curr\u00edculum de la artista | Mahshid Moochani\" \/>\n<meta property=\"og:description\" content=\"Echa un vistazo al curr\u00edculum profesional de Mahshid Moochani como artista, donde encontrar\u00e1s sus exposiciones, ferias de arte internacionales, colecciones y momentos destacados de su carrera.\" \/>\n<meta property=\"og:url\" content=\"https:\/\/mahshidmoochani.com\/es\/curriculum-vitae\/\" \/>\n<meta property=\"og:site_name\" content=\"Mahshid Moochani\" \/>\n<meta property=\"article:modified_time\" content=\"2026-09-06T14:03:14+00:00\" \/>\n<meta name=\"twitter:card\" content=\"summary_large_image\" \/>\n<meta name=\"twitter:label1\" content=\"Tiempo de lectura\" \/>\n\t<meta name=\"twitter:data1\" content=\"5 minutos\" \/>\n<script type=\"application\/ld+json\" class=\"yoast-schema-graph\">{\"@context\":\"https:\\\/\\\/schema.org\",\"@graph\":[{\"@type\":\"WebPage\",\"@id\":\"https:\\\/\\\/mahshidmoochani.com\\\/es\\\/curriculum-vitae\\\/\",\"url\":\"https:\\\/\\\/mahshidmoochani.com\\\/es\\\/curriculum-vitae\\\/\",\"name\":\"Curr\u00edculum de la artista | Mahshid Moochani\",\"isPartOf\":{\"@id\":\"https:\\\/\\\/mahshidmoochani.com\\\/es\\\/#website\"},\"datePublished\":\"2025-11-27T11:24:33+00:00\",\"dateModified\":\"2026-09-06T14:03:14+00:00\",\"description\":\"Echa un vistazo al curr\u00edculum profesional de Mahshid Moochani como artista, donde encontrar\u00e1s sus exposiciones, ferias de arte internacionales, colecciones y momentos destacados de su carrera.\",\"breadcrumb\":{\"@id\":\"https:\\\/\\\/mahshidmoochani.com\\\/es\\\/curriculum-vitae\\\/#breadcrumb\"},\"inLanguage\":\"es\",\"potentialAction\":[{\"@type\":\"ReadAction\",\"target\":[\"https:\\\/\\\/mahshidmoochani.com\\\/es\\\/curriculum-vitae\\\/\"]}]},{\"@type\":\"BreadcrumbList\",\"@id\":\"https:\\\/\\\/mahshidmoochani.com\\\/es\\\/curriculum-vitae\\\/#breadcrumb\",\"itemListElement\":[{\"@type\":\"ListItem\",\"position\":1,\"name\":\"Home\",\"item\":\"https:\\\/\\\/mahshidmoochani.com\\\/es\\\/inicio\\\/\"},{\"@type\":\"ListItem\",\"position\":2,\"name\":\"Curr\u00edculum vitae\"}]},{\"@type\":\"WebSite\",\"@id\":\"https:\\\/\\\/mahshidmoochani.com\\\/es\\\/#website\",\"url\":\"https:\\\/\\\/mahshidmoochani.com\\\/es\\\/\",\"name\":\"Mahshid Moochani\",\"description\":\"Contemporary Iranian Painter Based in Istanbul\",\"potentialAction\":[{\"@type\":\"SearchAction\",\"target\":{\"@type\":\"EntryPoint\",\"urlTemplate\":\"https:\\\/\\\/mahshidmoochani.com\\\/es\\\/?s={search_term_string}\"},\"query-input\":{\"@type\":\"PropertyValueSpecification\",\"valueRequired\":true,\"valueName\":\"search_term_string\"}}],\"inLanguage\":\"es\"}]}<\/script>\n<!-- \/ Yoast SEO plugin. -->","yoast_head_json":{"title":"Curr\u00edculum de la artista | Mahshid Moochani","description":"Echa un vistazo al curr\u00edculum profesional de Mahshid Moochani como artista, donde encontrar\u00e1s sus exposiciones, ferias de arte internacionales, colecciones y momentos destacados de su carrera.","robots":{"index":"index","follow":"follow","max-snippet":"max-snippet:-1","max-image-preview":"max-image-preview:large","max-video-preview":"max-video-preview:-1"},"canonical":"https:\/\/mahshidmoochani.com\/es\/curriculum-vitae\/","og_locale":"es_ES","og_type":"article","og_title":"Curr\u00edculum de la artista | Mahshid Moochani","og_description":"Echa un vistazo al curr\u00edculum profesional de Mahshid Moochani como artista, donde encontrar\u00e1s sus exposiciones, ferias de arte internacionales, colecciones y momentos destacados de su carrera.","og_url":"https:\/\/mahshidmoochani.com\/es\/curriculum-vitae\/","og_site_name":"Mahshid Moochani","article_modified_time":"2026-09-06T14:03:14+00:00","twitter_card":"summary_large_image","twitter_misc":{"Tiempo de lectura":"5 minutos"},"schema":{"@context":"https:\/\/schema.org","@graph":[{"@type":"WebPage","@id":"https:\/\/mahshidmoochani.com\/es\/curriculum-vitae\/","url":"https:\/\/mahshidmoochani.com\/es\/curriculum-vitae\/","name":"Curr\u00edculum de la artista | Mahshid Moochani","isPartOf":{"@id":"https:\/\/mahshidmoochani.com\/es\/#website"},"datePublished":"2025-11-27T11:24:33+00:00","dateModified":"2026-09-06T14:03:14+00:00","description":"Echa un vistazo al curr\u00edculum profesional de Mahshid Moochani como artista, donde encontrar\u00e1s sus exposiciones, ferias de arte internacionales, colecciones y momentos destacados de su carrera.","breadcrumb":{"@id":"https:\/\/mahshidmoochani.com\/es\/curriculum-vitae\/#breadcrumb"},"inLanguage":"es","potentialAction":[{"@type":"ReadAction","target":["https:\/\/mahshidmoochani.com\/es\/curriculum-vitae\/"]}]},{"@type":"BreadcrumbList","@id":"https:\/\/mahshidmoochani.com\/es\/curriculum-vitae\/#breadcrumb","itemListElement":[{"@type":"ListItem","position":1,"name":"Home","item":"https:\/\/mahshidmoochani.com\/es\/inicio\/"},{"@type":"ListItem","position":2,"name":"Curr\u00edculum vitae"}]},{"@type":"WebSite","@id":"https:\/\/mahshidmoochani.com\/es\/#website","url":"https:\/\/mahshidmoochani.com\/es\/","name":"Mahshid Moochani","description":"Contemporary Iranian Painter Based in Istanbul","potentialAction":[{"@type":"SearchAction","target":{"@type":"EntryPoint","urlTemplate":"https:\/\/mahshidmoochani.com\/es\/?s={search_term_string}"},"query-input":{"@type":"PropertyValueSpecification","valueRequired":true,"valueName":"search_term_string"}}],"inLanguage":"es"}]}},"_links":{"self":[{"href":"https:\/\/mahshidmoochani.com\/es\/wp-json\/wp\/v2\/pages\/935","targetHints":{"allow":["GET"]}}],"collection":[{"href":"https:\/\/mahshidmoochani.com\/es\/wp-json\/wp\/v2\/pages"}],"about":[{"href":"https:\/\/mahshidmoochani.com\/es\/wp-json\/wp\/v2\/types\/page"}],"author":[{"embeddable":true,"href":"https:\/\/mahshidmoochani.com\/es\/wp-json\/wp\/v2\/users\/1"}],"replies":[{"embeddable":true,"href":"https:\/\/mahshidmoochani.com\/es\/wp-json\/wp\/v2\/comments?post=935"}],"version-history":[{"count":2,"href":"https:\/\/mahshidmoochani.com\/es\/wp-json\/wp\/v2\/pages\/935\/revisions"}],"predecessor-version":[{"id":937,"href":"https:\/\/mahshidmoochani.com\/es\/wp-json\/wp\/v2\/pages\/935\/revisions\/937"}],"wp:attachment":[{"href":"https:\/\/mahshidmoochani.com\/es\/wp-json\/wp\/v2\/media?parent=935"}],"curies":[{"name":"wp","href":"https:\/\/api.w.org\/{rel}","templated":true}]}}