{"id":927,"date":"2025-11-27T11:24:33","date_gmt":"2025-11-27T11:24:33","guid":{"rendered":"https:\/\/mahshidmoochani.com\/ozgecmis\/"},"modified":"2026-09-06T14:01:38","modified_gmt":"2026-09-06T14:01:38","slug":"ozgecmis","status":"publish","type":"page","link":"https:\/\/mahshidmoochani.com\/tr\/ozgecmis\/","title":{"rendered":"\u00d6zge\u00e7mi\u015f"},"content":{"rendered":"<section class=\"l-section wpb_row height_huge\"><div class=\"l-section-h i-cf\"><div class=\"g-cols vc_row via_flex valign_top type_default stacking_default\"><div class=\"vc_col-sm-12 wpb_column vc_column_container\"><div class=\"vc_column-inner\"><div class=\"wpb_wrapper\"><div class=\"g-cols wpb_row via_flex valign_top type_default stacking_default\"><div class=\"vc_col-sm-6 wpb_column vc_column_container\"><div class=\"vc_column-inner type_sticky\"><div class=\"wpb_wrapper\"><h1 class=\"w-post-elm post_title entry-title color_link_inherit\">\u00d6zge\u00e7mi\u015f<\/h1><div class=\"wpb_text_column\"><div class=\"wpb_wrapper\"><p style=\"text-align: justify;\"><strong>Mahshid Moochani<\/strong>, G\u00f6rsel \u0130leti\u015fim alan\u0131nda lisans ve G\u00fczel Sanatlar alan\u0131nda y\u00fcksek lisans derecesine sahip \u0130ranl\u0131 bir ressamd\u0131r. 2004 y\u0131l\u0131ndan bu yana profesyonel bir sanat kariyeri s\u00fcrd\u00fcrmekte ve eserlerini otuzdan fazla uluslararas\u0131 ki\u015fisel ve karma sergide sergilemektedir. Resimleri, T\u00fcrkiye, Birle\u015fik Krall\u0131k, Fransa ve \u0130ran\u2019daki sayg\u0131n festivallerde ve galerilerde sergilenmi\u015f ve hem ele\u015ftirmenler hem de koleksiyoncular taraf\u0131ndan takdir g\u00f6rm\u00fc\u015ft\u00fcr.<\/p>\n<p style=\"text-align: justify;\">Moochani\u2019nin sanat\u0131, hayal g\u00fcc\u00fc ile ger\u00e7eklik aras\u0131nda hassas bir k\u00f6pr\u00fc kurar; insanl\u0131k, do\u011fa ve bilin\u00e7alt\u0131n\u0131n bir araya geldi\u011fi \u015fiirsel bir alem. 2020 y\u0131l\u0131nda \u0130stanbul&#8217;da kendi st\u00fcdyosunu kurarak yarat\u0131c\u0131 yolculu\u011funda yeni bir sayfa a\u00e7t\u0131. Orada, onun fikirleri, hayalleri ve i\u00e7sel deneyimleri, renk ve bi\u00e7imin evrensel bir diline d\u00f6n\u00fc\u015f\u00fcr. Her bir eseri, anlam, g\u00fczellik ve i\u00e7 huzura y\u00f6nelik derin bir aray\u0131\u015f\u0131 yans\u0131tmaktad\u0131r.<\/p>\n<\/div><\/div><div class=\"w-image align_none\"><div class=\"w-image-h\"><img decoding=\"async\" src=\"https:\/\/mahshidmoochani.com\/wp-content\/uploads\/MahshidMochani.svg\" class=\"attachment-large size-large\" alt=\"Mahshid Moochani signature logo\" loading=\"lazy\" \/><\/div><\/div><div class=\"w-image us_custom_6751363b align_none\"><div class=\"w-image-h\"><img decoding=\"async\" width=\"1024\" height=\"573\" src=\"https:\/\/mahshidmoochani.com\/wp-content\/uploads\/MM1-1024x573.jpg\" class=\"attachment-large size-large\" alt=\"Mahshid Moochani in her art studio\" loading=\"lazy\" srcset=\"https:\/\/mahshidmoochani.com\/wp-content\/uploads\/MM1-1024x573.jpg 1024w, https:\/\/mahshidmoochani.com\/wp-content\/uploads\/MM1-300x168.jpg 300w, https:\/\/mahshidmoochani.com\/wp-content\/uploads\/MM1.jpg 1280w\" sizes=\"auto, (max-width: 1024px) 100vw, 1024px\" \/><\/div><\/div><\/div><\/div><\/div><div class=\"vc_col-sm-6 wpb_column vc_column_container\"><div class=\"vc_column-inner\"><div class=\"wpb_wrapper\"><h2 class=\"w-text\"><span class=\"w-text-h\"><span class=\"w-text-value\">Se\u00e7ilmi\u015f Sanat Etkinlikleri ve Sergiler<\/span><\/span><\/h2><div class=\"w-tabs style_default switch_click accordion has_scrolling\" style=\"--sections-title-size:2025\"><div class=\"w-tabs-sections titles-align_none icon_chevron cpos_right\"><div class=\"w-tabs-section\" id=\"s78b\"><button class=\"w-tabs-section-header\" aria-controls=\"content-s78b\" aria-expanded=\"false\"><div class=\"w-tabs-section-title\">2026<\/div><div class=\"w-tabs-section-control\"><\/div><\/button><div  class=\"w-tabs-section-content\" id=\"content-s78b\"><div class=\"w-tabs-section-content-h i-cf\"><div class=\"wpb_text_column\"><div class=\"wpb_wrapper\"><p>\u2022 WITH MY ROOTS Bienali, 6. D\u00f6nem \u2014 Capital Art Gallery, Mall Galleries, Londra, Birle\u015fik Krall\u0131k<br \/>\n\u2022 Grup Sergisi \u2014 GALA Gallery, \u0130stanbul, T\u00fcrkiye<br \/>\n\u2022 Art Ankara Uluslararas\u0131 \u00c7a\u011fda\u015f Sanat Fuar\u0131 \u2014 GALA Gallery taraf\u0131ndan temsil edildi, Ankara, T\u00fcrkiye<\/p>\n<\/div><\/div><\/div><\/div><\/div><div class=\"w-tabs-section\" id=\"d970\"><button class=\"w-tabs-section-header\" aria-controls=\"content-d970\" aria-expanded=\"false\"><div class=\"w-tabs-section-title\">2025<\/div><div class=\"w-tabs-section-control\"><\/div><\/button><div  class=\"w-tabs-section-content\" id=\"content-d970\"><div class=\"w-tabs-section-content-h i-cf\"><div class=\"wpb_text_column\"><div class=\"wpb_wrapper\"><p>\u2022 Ki\u015fisel Sergi \u2014 GALA Galerisi, \u0130stanbul, T\u00fcrkiye<\/p>\n<\/div><\/div><\/div><\/div><\/div><div class=\"w-tabs-section\" id=\"ob21\"><button class=\"w-tabs-section-header\" aria-controls=\"content-ob21\" aria-expanded=\"false\"><div class=\"w-tabs-section-title\">2024<\/div><div class=\"w-tabs-section-control\"><\/div><\/button><div  class=\"w-tabs-section-content\" id=\"content-ob21\"><div class=\"w-tabs-section-content-h i-cf\"><div class=\"wpb_text_column\"><div class=\"wpb_wrapper\"><p>\u2022 IAAF 2024 (\u0130stanbul Sanat ve Antika Fuar\u0131) \u2014 \u0130mza Sanat Galerisi, \u0130stanbul, T\u00fcrkiye<br \/>\n\u2022 ARTCONTACT \u0130stanbul Sanat Fuar\u0131 \u2014 Galeri 7 Art, \u0130stanbul, T\u00fcrkiye<br \/>\n\u2022 \u0130zmir Sanat Fuar\u0131 \u2014 Galeri L.\u00dc&#8217;Art Cihangir, \u0130zmir, T\u00fcrkiye<br \/>\n\u2022 Ki\u015fisel Sergi \u2014 Utopia Sanat Galerisi, \u0130stanbul, T\u00fcrkiye<br \/>\n\u2022 Grup Sergisi \u2014 Next Pro Galerisi, \u0130stanbul, T\u00fcrkiye<\/p>\n<\/div><\/div><\/div><\/div><\/div><div class=\"w-tabs-section\" id=\"ud15\"><button class=\"w-tabs-section-header\" aria-controls=\"content-ud15\" aria-expanded=\"false\"><div class=\"w-tabs-section-title\">2023<\/div><div class=\"w-tabs-section-control\"><\/div><\/button><div  class=\"w-tabs-section-content\" id=\"content-ud15\"><div class=\"w-tabs-section-content-h i-cf\"><div class=\"wpb_text_column\"><div class=\"wpb_wrapper\"><p>\u2022 \u00c7a\u011fda\u015f Sanat Fuar\u0131 \u2014 City Art Center, Paris, Fransa<\/p>\n<\/div><\/div><\/div><\/div><\/div><div class=\"w-tabs-section\" id=\"zef3\"><button class=\"w-tabs-section-header\" aria-controls=\"content-zef3\" aria-expanded=\"false\"><div class=\"w-tabs-section-title\">2021<\/div><div class=\"w-tabs-section-control\"><\/div><\/button><div  class=\"w-tabs-section-content\" id=\"content-zef3\"><div class=\"w-tabs-section-content-h i-cf\"><div class=\"wpb_text_column\"><div class=\"wpb_wrapper\"><p>\u2022 Affordable Art Fair \u2014 Capital Art London Galerisi, Londra, Birle\u015fik Krall\u0131k<\/p>\n<\/div><\/div><\/div><\/div><\/div><div class=\"w-tabs-section\" id=\"t0da\"><button class=\"w-tabs-section-header\" aria-controls=\"content-t0da\" aria-expanded=\"false\"><div class=\"w-tabs-section-title\">2020<\/div><div class=\"w-tabs-section-control\"><\/div><\/button><div  class=\"w-tabs-section-content\" id=\"content-t0da\"><div class=\"w-tabs-section-content-h i-cf\"><div class=\"wpb_text_column\"><div class=\"wpb_wrapper\"><p>\u2022 Grup Sergisi \u2014 Didi Galerisi, \u0130zad\u015fahr, \u0130ran<\/p>\n<\/div><\/div><\/div><\/div><\/div><div class=\"w-tabs-section\" id=\"p2fc\"><button class=\"w-tabs-section-header\" aria-controls=\"content-p2fc\" aria-expanded=\"false\"><div class=\"w-tabs-section-title\">2018<\/div><div class=\"w-tabs-section-control\"><\/div><\/button><div  class=\"w-tabs-section-content\" id=\"content-p2fc\"><div class=\"w-tabs-section-content-h i-cf\"><div class=\"wpb_text_column\"><div class=\"wpb_wrapper\"><p>\u2022 Grup Sergisi \u2014 Asurik Galerisi, Motelghu, \u0130ran<br \/>\n\u2022 Galeriler Taraf\u0131ndan Se\u00e7ildi \u2014 Fajr Festivali, Saba Galerisi (Sanat Akademisi), Tahran, \u0130ran<br \/>\n\u2022 Ki\u015fisel Sergi \u2014 Asurik Galerisi (Yalman), Motelghu, \u0130ran<\/p>\n<\/div><\/div><\/div><\/div><\/div><div class=\"w-tabs-section\" id=\"w526\"><button class=\"w-tabs-section-header\" aria-controls=\"content-w526\" aria-expanded=\"false\"><div class=\"w-tabs-section-title\">2017<\/div><div class=\"w-tabs-section-control\"><\/div><\/button><div  class=\"w-tabs-section-content\" id=\"content-w526\"><div class=\"w-tabs-section-content-h i-cf\"><div class=\"wpb_text_column\"><div class=\"wpb_wrapper\"><p>\u2022 Affordable Art Fair \u2014 Capital Art London Gallery, Londra, Birle\u015fik Krall\u0131k<br \/>\n\u2022 Grup Sergisi \u2014 Shis Gallery (Y\u0131l\u0131n Manevi \u015eafa\u011f\u0131), Tahran, \u0130ran<br \/>\n\u2022 Grup Sergisi \u2014 Did Gallery, \u0130zad\u015fahr, \u0130ran<\/p>\n<\/div><\/div><\/div><\/div><\/div><div class=\"w-tabs-section\" id=\"c6cf\"><button class=\"w-tabs-section-header\" aria-controls=\"content-c6cf\" aria-expanded=\"false\"><div class=\"w-tabs-section-title\">2016<\/div><div class=\"w-tabs-section-control\"><\/div><\/button><div  class=\"w-tabs-section-content\" id=\"content-c6cf\"><div class=\"w-tabs-section-content-h i-cf\"><div class=\"wpb_text_column\"><div class=\"wpb_wrapper\"><p>\u2022 Kermanshah Deprem Ma\u011fdurlar\u0131na Destek Grubu Sergisi \u2014 Mojdeh Galerisi, Tahran, \u0130ran<\/p>\n<\/div><\/div><\/div><\/div><\/div><div class=\"w-tabs-section\" id=\"xacf\"><button class=\"w-tabs-section-header\" aria-controls=\"content-xacf\" aria-expanded=\"false\"><div class=\"w-tabs-section-title\">2014<\/div><div class=\"w-tabs-section-control\"><\/div><\/button><div  class=\"w-tabs-section-content\" id=\"content-xacf\"><div class=\"w-tabs-section-content-h i-cf\"><div class=\"wpb_text_column\"><div class=\"wpb_wrapper\"><p>\u2022 Ki\u015fisel Sergi \u2014 Saba Galerisi (Sanat Akademisi), Tahran, \u0130ran<br \/>\n\u2022 Grup Sergisi \u2014 Uluslararas\u0131 \u015eehir Sanat Merkezi, \u0130sfahan, \u0130ran<br \/>\n\u2022 Grup Sergisi \u2014 \u0130ran Sanat Galerisi, Tahran, \u0130ran<\/p>\n<\/div><\/div><\/div><\/div><\/div><div class=\"w-tabs-section\" id=\"dcf1\"><button class=\"w-tabs-section-header\" aria-controls=\"content-dcf1\" aria-expanded=\"false\"><div class=\"w-tabs-section-title\">2013<\/div><div class=\"w-tabs-section-control\"><\/div><\/button><div  class=\"w-tabs-section-content\" id=\"content-dcf1\"><div class=\"w-tabs-section-content-h i-cf\"><div class=\"wpb_text_column\"><div class=\"wpb_wrapper\"><p>\u2022 Ki\u015fisel Sergi \u2014 Respina, Sheys Galerisi, Tahran, \u0130ran<br \/>\n\u2022 Grup Sergisi \u2014 \u0130ran Sanat Galerisi, Tahran, \u0130ran<br \/>\n\u2022 Ki\u015fisel Sergi (G\u00f6\u00e7ebe Temal\u0131) \u2014 \u0130ran Sanat Galerisi, Tahran, \u0130ran<\/p>\n<\/div><\/div><\/div><\/div><\/div><div class=\"w-tabs-section\" id=\"ke93\"><button class=\"w-tabs-section-header\" aria-controls=\"content-ke93\" aria-expanded=\"false\"><div class=\"w-tabs-section-title\">2012<\/div><div class=\"w-tabs-section-control\"><\/div><\/button><div  class=\"w-tabs-section-content\" id=\"content-ke93\"><div class=\"w-tabs-section-content-h i-cf\"><div class=\"wpb_text_column\"><div class=\"wpb_wrapper\"><p>\u2022 \u201cSu\u201d Ki\u015fisel Sergisi \u2014 Farahani \u00d6zel Galerisi, Tahran, \u0130ran<\/p>\n<\/div><\/div><\/div><\/div><\/div><div class=\"w-tabs-section\" id=\"t021\"><button class=\"w-tabs-section-header\" aria-controls=\"content-t021\" aria-expanded=\"false\"><div class=\"w-tabs-section-title\">2011<\/div><div class=\"w-tabs-section-control\"><\/div><\/button><div  class=\"w-tabs-section-content\" id=\"content-t021\"><div class=\"w-tabs-section-content-h i-cf\"><div class=\"wpb_text_column\"><div class=\"wpb_wrapper\"><p>\u2022 \u201cSelf\u201d Ki\u015fisel Sergisi \u2014 Estekanchi \u00d6zel Galerisi, Tahran, \u0130ran<\/p>\n<\/div><\/div><\/div><\/div><\/div><div class=\"w-tabs-section\" id=\"h1b4\"><button class=\"w-tabs-section-header\" aria-controls=\"content-h1b4\" aria-expanded=\"false\"><div class=\"w-tabs-section-title\">2010<\/div><div class=\"w-tabs-section-control\"><\/div><\/button><div  class=\"w-tabs-section-content\" id=\"content-h1b4\"><div class=\"w-tabs-section-content-h i-cf\"><div class=\"wpb_text_column\"><div class=\"wpb_wrapper\"><p>\u2022 5.l\u00fck \u00d6d\u00fcl\u00fc \u2014 Ulusal \u00d6\u011frenci Sergisi, Tahran, \u0130ran<\/p>\n<\/div><\/div><\/div><\/div><\/div><div class=\"w-tabs-section\" id=\"n440\"><button class=\"w-tabs-section-header\" aria-controls=\"content-n440\" aria-expanded=\"false\"><div class=\"w-tabs-section-title\">2008<\/div><div class=\"w-tabs-section-control\"><\/div><\/button><div  class=\"w-tabs-section-content\" id=\"content-n440\"><div class=\"w-tabs-section-content-h i-cf\"><div class=\"wpb_text_column\"><div class=\"wpb_wrapper\"><p>\u2022 Ki\u015fisel Sergi \u2014 Mandegar Galerisi (Gabbeh Serisi), Arak, \u0130ran<\/p>\n<\/div><\/div><\/div><\/div><\/div><div class=\"w-tabs-section\" id=\"h5b6\"><button class=\"w-tabs-section-header\" aria-controls=\"content-h5b6\" aria-expanded=\"false\"><div class=\"w-tabs-section-title\">2007<\/div><div class=\"w-tabs-section-control\"><\/div><\/button><div  class=\"w-tabs-section-content\" id=\"content-h5b6\"><div class=\"w-tabs-section-content-h i-cf\"><div class=\"wpb_text_column\"><div class=\"wpb_wrapper\"><p>\u2022 Grup Sergisi \u2014 \u0130slam Azad \u00dcniversitesi (Beyaz Tuval), Tahran, \u0130ran<\/p>\n<\/div><\/div><\/div><\/div><\/div><div class=\"w-tabs-section\" id=\"x7e0\"><button class=\"w-tabs-section-header\" aria-controls=\"content-x7e0\" aria-expanded=\"false\"><div class=\"w-tabs-section-title\">2005<\/div><div class=\"w-tabs-section-control\"><\/div><\/button><div  class=\"w-tabs-section-content\" id=\"content-x7e0\"><div class=\"w-tabs-section-content-h i-cf\"><div class=\"wpb_text_column\"><div class=\"wpb_wrapper\"><p>\u2022 Ulusal El Sanatlar\u0131 Sergisi \u2014 Arak, \u0130ran<\/p>\n<\/div><\/div><\/div><\/div><\/div><div class=\"w-tabs-section\" id=\"za3a\"><button class=\"w-tabs-section-header\" aria-controls=\"content-za3a\" aria-expanded=\"false\"><div class=\"w-tabs-section-title\">2004<\/div><div class=\"w-tabs-section-control\"><\/div><\/button><div  class=\"w-tabs-section-content\" id=\"content-za3a\"><div class=\"w-tabs-section-content-h i-cf\"><div class=\"wpb_text_column\"><div class=\"wpb_wrapper\"><p>\u2022 \u201cEspinas\u201d Ki\u015fisel Sergisi \u2014 Mehr M\u00fczesi, Arak, \u0130ran<\/p>\n<\/div><\/div><\/div><\/div><\/div><\/div><\/div><\/div><\/div><\/div><\/div><\/div><\/div><\/div><\/div><\/div><\/section>\n","protected":false},"excerpt":{"rendered":"\u00d6zge\u00e7mi\u015fMahshid Moochani, G\u00f6rsel \u0130leti\u015fim alan\u0131nda lisans ve G\u00fczel Sanatlar alan\u0131nda y\u00fcksek lisans derecesine sahip \u0130ranl\u0131 bir ressamd\u0131r. 2004 y\u0131l\u0131ndan bu yana profesyonel bir sanat kariyeri s\u00fcrd\u00fcrmekte ve eserlerini otuzdan fazla uluslararas\u0131 ki\u015fisel ve karma sergide sergilemektedir. Resimleri, T\u00fcrkiye, Birle\u015fik Krall\u0131k, Fransa ve \u0130ran\u2019daki sayg\u0131n festivallerde ve galerilerde sergilenmi\u015f ve hem ele\u015ftirmenler hem de koleksiyoncular taraf\u0131ndan...","protected":false},"author":1,"featured_media":0,"parent":0,"menu_order":0,"comment_status":"closed","ping_status":"closed","template":"","meta":{"_acf_changed":false,"footnotes":""},"class_list":["post-927","page","type-page","status-publish","hentry"],"acf":[],"yoast_head":"<!-- This site is optimized with the Yoast SEO plugin v28.4 - https:\/\/yoast.com\/product\/yoast-seo-wordpress\/ -->\n<title>Sanat\u00e7\u0131 \u00d6zge\u00e7mi\u015fi | Mahshid Moochani<\/title>\n<meta name=\"description\" content=\"Mahshid Moochani\u2019nin sergiler, uluslararas\u0131 sanat fuarlar\u0131, koleksiyonlar ve kariyerinin \u00f6ne \u00e7\u0131kan noktalar\u0131n\u0131 i\u00e7eren profesyonel sanat\u00e7\u0131 \u00f6zge\u00e7mi\u015fini inceleyin.\" \/>\n<meta name=\"robots\" content=\"index, follow, max-snippet:-1, max-image-preview:large, max-video-preview:-1\" \/>\n<link rel=\"canonical\" href=\"https:\/\/mahshidmoochani.com\/tr\/ozgecmis\/\" \/>\n<meta property=\"og:locale\" content=\"tr_TR\" \/>\n<meta property=\"og:type\" content=\"article\" \/>\n<meta property=\"og:title\" content=\"Sanat\u00e7\u0131 \u00d6zge\u00e7mi\u015fi | Mahshid Moochani\" \/>\n<meta property=\"og:description\" content=\"Mahshid Moochani\u2019nin sergiler, uluslararas\u0131 sanat fuarlar\u0131, koleksiyonlar ve kariyerinin \u00f6ne \u00e7\u0131kan noktalar\u0131n\u0131 i\u00e7eren profesyonel sanat\u00e7\u0131 \u00f6zge\u00e7mi\u015fini inceleyin.\" \/>\n<meta property=\"og:url\" content=\"https:\/\/mahshidmoochani.com\/tr\/ozgecmis\/\" \/>\n<meta property=\"og:site_name\" content=\"Mahshid Moochani\" \/>\n<meta property=\"article:modified_time\" content=\"2026-09-06T14:01:38+00:00\" \/>\n<meta name=\"twitter:card\" content=\"summary_large_image\" \/>\n<meta name=\"twitter:label1\" content=\"Tahmini okuma s\u00fcresi\" \/>\n\t<meta name=\"twitter:data1\" content=\"5 dakika\" \/>\n<script type=\"application\/ld+json\" class=\"yoast-schema-graph\">{\"@context\":\"https:\\\/\\\/schema.org\",\"@graph\":[{\"@type\":\"WebPage\",\"@id\":\"https:\\\/\\\/mahshidmoochani.com\\\/tr\\\/ozgecmis\\\/\",\"url\":\"https:\\\/\\\/mahshidmoochani.com\\\/tr\\\/ozgecmis\\\/\",\"name\":\"Sanat\u00e7\u0131 \u00d6zge\u00e7mi\u015fi | Mahshid Moochani\",\"isPartOf\":{\"@id\":\"https:\\\/\\\/mahshidmoochani.com\\\/tr\\\/#website\"},\"datePublished\":\"2025-11-27T11:24:33+00:00\",\"dateModified\":\"2026-09-06T14:01:38+00:00\",\"description\":\"Mahshid Moochani\u2019nin sergiler, uluslararas\u0131 sanat fuarlar\u0131, koleksiyonlar ve kariyerinin \u00f6ne \u00e7\u0131kan noktalar\u0131n\u0131 i\u00e7eren profesyonel sanat\u00e7\u0131 \u00f6zge\u00e7mi\u015fini inceleyin.\",\"breadcrumb\":{\"@id\":\"https:\\\/\\\/mahshidmoochani.com\\\/tr\\\/ozgecmis\\\/#breadcrumb\"},\"inLanguage\":\"tr\",\"potentialAction\":[{\"@type\":\"ReadAction\",\"target\":[\"https:\\\/\\\/mahshidmoochani.com\\\/tr\\\/ozgecmis\\\/\"]}]},{\"@type\":\"BreadcrumbList\",\"@id\":\"https:\\\/\\\/mahshidmoochani.com\\\/tr\\\/ozgecmis\\\/#breadcrumb\",\"itemListElement\":[{\"@type\":\"ListItem\",\"position\":1,\"name\":\"Home\",\"item\":\"https:\\\/\\\/mahshidmoochani.com\\\/tr\\\/ana-sayfa\\\/\"},{\"@type\":\"ListItem\",\"position\":2,\"name\":\"\u00d6zge\u00e7mi\u015f\"}]},{\"@type\":\"WebSite\",\"@id\":\"https:\\\/\\\/mahshidmoochani.com\\\/tr\\\/#website\",\"url\":\"https:\\\/\\\/mahshidmoochani.com\\\/tr\\\/\",\"name\":\"Mahshid Moochani\",\"description\":\"Contemporary Iranian Painter Based in Istanbul\",\"potentialAction\":[{\"@type\":\"SearchAction\",\"target\":{\"@type\":\"EntryPoint\",\"urlTemplate\":\"https:\\\/\\\/mahshidmoochani.com\\\/tr\\\/?s={search_term_string}\"},\"query-input\":{\"@type\":\"PropertyValueSpecification\",\"valueRequired\":true,\"valueName\":\"search_term_string\"}}],\"inLanguage\":\"tr\"}]}<\/script>\n<!-- \/ Yoast SEO plugin. -->","yoast_head_json":{"title":"Sanat\u00e7\u0131 \u00d6zge\u00e7mi\u015fi | Mahshid Moochani","description":"Mahshid Moochani\u2019nin sergiler, uluslararas\u0131 sanat fuarlar\u0131, koleksiyonlar ve kariyerinin \u00f6ne \u00e7\u0131kan noktalar\u0131n\u0131 i\u00e7eren profesyonel sanat\u00e7\u0131 \u00f6zge\u00e7mi\u015fini inceleyin.","robots":{"index":"index","follow":"follow","max-snippet":"max-snippet:-1","max-image-preview":"max-image-preview:large","max-video-preview":"max-video-preview:-1"},"canonical":"https:\/\/mahshidmoochani.com\/tr\/ozgecmis\/","og_locale":"tr_TR","og_type":"article","og_title":"Sanat\u00e7\u0131 \u00d6zge\u00e7mi\u015fi | Mahshid Moochani","og_description":"Mahshid Moochani\u2019nin sergiler, uluslararas\u0131 sanat fuarlar\u0131, koleksiyonlar ve kariyerinin \u00f6ne \u00e7\u0131kan noktalar\u0131n\u0131 i\u00e7eren profesyonel sanat\u00e7\u0131 \u00f6zge\u00e7mi\u015fini inceleyin.","og_url":"https:\/\/mahshidmoochani.com\/tr\/ozgecmis\/","og_site_name":"Mahshid Moochani","article_modified_time":"2026-09-06T14:01:38+00:00","twitter_card":"summary_large_image","twitter_misc":{"Tahmini okuma s\u00fcresi":"5 dakika"},"schema":{"@context":"https:\/\/schema.org","@graph":[{"@type":"WebPage","@id":"https:\/\/mahshidmoochani.com\/tr\/ozgecmis\/","url":"https:\/\/mahshidmoochani.com\/tr\/ozgecmis\/","name":"Sanat\u00e7\u0131 \u00d6zge\u00e7mi\u015fi | Mahshid Moochani","isPartOf":{"@id":"https:\/\/mahshidmoochani.com\/tr\/#website"},"datePublished":"2025-11-27T11:24:33+00:00","dateModified":"2026-09-06T14:01:38+00:00","description":"Mahshid Moochani\u2019nin sergiler, uluslararas\u0131 sanat fuarlar\u0131, koleksiyonlar ve kariyerinin \u00f6ne \u00e7\u0131kan noktalar\u0131n\u0131 i\u00e7eren profesyonel sanat\u00e7\u0131 \u00f6zge\u00e7mi\u015fini inceleyin.","breadcrumb":{"@id":"https:\/\/mahshidmoochani.com\/tr\/ozgecmis\/#breadcrumb"},"inLanguage":"tr","potentialAction":[{"@type":"ReadAction","target":["https:\/\/mahshidmoochani.com\/tr\/ozgecmis\/"]}]},{"@type":"BreadcrumbList","@id":"https:\/\/mahshidmoochani.com\/tr\/ozgecmis\/#breadcrumb","itemListElement":[{"@type":"ListItem","position":1,"name":"Home","item":"https:\/\/mahshidmoochani.com\/tr\/ana-sayfa\/"},{"@type":"ListItem","position":2,"name":"\u00d6zge\u00e7mi\u015f"}]},{"@type":"WebSite","@id":"https:\/\/mahshidmoochani.com\/tr\/#website","url":"https:\/\/mahshidmoochani.com\/tr\/","name":"Mahshid Moochani","description":"Contemporary Iranian Painter Based in Istanbul","potentialAction":[{"@type":"SearchAction","target":{"@type":"EntryPoint","urlTemplate":"https:\/\/mahshidmoochani.com\/tr\/?s={search_term_string}"},"query-input":{"@type":"PropertyValueSpecification","valueRequired":true,"valueName":"search_term_string"}}],"inLanguage":"tr"}]}},"_links":{"self":[{"href":"https:\/\/mahshidmoochani.com\/tr\/wp-json\/wp\/v2\/pages\/927","targetHints":{"allow":["GET"]}}],"collection":[{"href":"https:\/\/mahshidmoochani.com\/tr\/wp-json\/wp\/v2\/pages"}],"about":[{"href":"https:\/\/mahshidmoochani.com\/tr\/wp-json\/wp\/v2\/types\/page"}],"author":[{"embeddable":true,"href":"https:\/\/mahshidmoochani.com\/tr\/wp-json\/wp\/v2\/users\/1"}],"replies":[{"embeddable":true,"href":"https:\/\/mahshidmoochani.com\/tr\/wp-json\/wp\/v2\/comments?post=927"}],"version-history":[{"count":2,"href":"https:\/\/mahshidmoochani.com\/tr\/wp-json\/wp\/v2\/pages\/927\/revisions"}],"predecessor-version":[{"id":929,"href":"https:\/\/mahshidmoochani.com\/tr\/wp-json\/wp\/v2\/pages\/927\/revisions\/929"}],"wp:attachment":[{"href":"https:\/\/mahshidmoochani.com\/tr\/wp-json\/wp\/v2\/media?parent=927"}],"curies":[{"name":"wp","href":"https:\/\/api.w.org\/{rel}","templated":true}]}}